{"id":45,"date":"2015-07-13T22:46:41","date_gmt":"2015-07-13T22:46:41","guid":{"rendered":"http:\/\/www.tanzraum-ries.de\/?page_id=45"},"modified":"2024-11-21T10:00:42","modified_gmt":"2024-11-21T10:00:42","slug":"dozenten","status":"publish","type":"page","link":"https:\/\/www.tanzraum-ries.de\/legacy\/dozenten\/","title":{"rendered":"Dozenten"},"content":{"rendered":"<h3>Barbara J. Lins<\/h3>\r\n<p><img fetchpriority=\"high\" decoding=\"async\" class=\"wp-image-47 size-medium alignleft\" src=\"http:\/\/www.tanzraum-ries.de\/wp-content\/uploads\/2015\/07\/Barbara-Medium-200x300.jpg\" alt=\"Barbara (Medium)\" width=\"200\" height=\"300\" srcset=\"https:\/\/www.tanzraum-ries.de\/legacy\/wp-content\/uploads\/sites\/1\/2015\/07\/Barbara-Medium-200x300.jpg 200w, https:\/\/www.tanzraum-ries.de\/legacy\/wp-content\/uploads\/sites\/1\/2015\/07\/Barbara-Medium.jpg 513w\" sizes=\"(max-width: 200px) 100vw, 200px\" \/>ist T\u00e4nzerin, diplomierte Tanzp\u00e4dagogin und Choreografin.<br>Sie erhielt ihre t\u00e4nzerische Ausbildung in Biel\/CH und absolvierte ihr tanzp\u00e4dagogisches Studium <strong>1998\u20132003<\/strong> an der Akademie Remscheid (jetzt Akademie der kulturellen Bildung) unter Dr. Ronit Land, das sie mit dem Diplom abschloss. Seit dem Jahr <strong>2000<\/strong> ist sie T\u00e4nzerin des Ensemble Remscheid von Ronit Land und war <strong>2012\u20132015<\/strong> deren choreografische Assistenz.<br><strong>2002<\/strong> absolvierte sie eine Zusatzqualifikation zum Educated Teacher of HipHop (u.a. bei Marco Mar\u00e7al, Julie Pequet, Marilena Grafakos).<br>Ihre Arbeit als freie T\u00e4nzerin und Choreografin f\u00fchrte sie u.a. zu den Ruhrfestspielen Recklinghausen, und div. Theatern, wie den Pfalzbau Ludwigshafen, Kassel, Osnabr\u00fcck, Otto-Theater Remscheid. Sie performte an Orten, wie dem \u201eFringe Festival Edinghburgh\u201c (Kritiker Preis 2001 f\u00fcr das Tanztheater \u201eDYBBUK\u201c, von Zofia Kalinska), in Krakau, Sibiu\/Rum\u00e4nien und das CND in Paris.<br><strong>2001<\/strong> gr\u00fcndete sie den Tanz|Raum, deren k\u00fcnstlerische Leitung sie ist und an dem junge T\u00e4nzer\/innen sowohl in unterschiedlichsten Tanzstilen ausgebildet, als auch an choreografisch- zeitgen\u00f6ssische Prozesse herangef\u00fchrt werden.<br>Der Aufbau des Netzwerkes <a href=\"http:\/\/www.dance-and-praise.de\">\u201eDance&amp;Praise\u00ae\u201c<\/a>&nbsp;entstand <strong>2006<\/strong> aus ihrer pers\u00f6nlichen, christlichen Arbeit; hier bietet sie ebenfalls Seminare, Workshops und berufsbegleitende Fortbildungen in zeitgen\u00f6ssischer Tanzp\u00e4dagogik an.<br><strong>2010<\/strong> gr\u00fcndete sie die Dancecompany \u201eTippingPoint\u201c, mit der sie Performances in ungew\u00f6hnlicher Atmosph\u00e4re sucht und umsetzt.<br><strong>2016<\/strong> rief sie, zusammen mit Jana Schm\u00fcck und Dr. Ronit Land, ContiP \u2013 Contemporary dance in Process \u2013 ins Leben, ein Netzwerk von professionellen Tanzk\u00fcnstlern, P\u00e4dagogen und Wissenschaftlern, die sich mit der prozessorientierten Arbeit im zeitgen\u00f6ssischen Tanz auseinandersetzen.<\/p>\r\n<p>&nbsp;<\/p>\r\n<h3>Alina Lukasch<\/h3>\r\n<p>ist seit 2008 Mitglied im Tanz|Raum. Aktuell unterrichtet sie hier als Dozentin HipHop.<\/p>\r\n<p><img decoding=\"async\" class=\"alignnone size-medium wp-image-1413\" src=\"http:\/\/www.tanzraum-ries.de\/wp-content\/uploads\/2024\/11\/Lukasch-Alina-WEB-1-253x300.png\" alt=\"\" width=\"253\" height=\"300\" srcset=\"https:\/\/www.tanzraum-ries.de\/legacy\/wp-content\/uploads\/sites\/1\/2024\/11\/Lukasch-Alina-WEB-1-253x300.png 253w, https:\/\/www.tanzraum-ries.de\/legacy\/wp-content\/uploads\/sites\/1\/2024\/11\/Lukasch-Alina-WEB-1.png 380w\" sizes=\"(max-width: 253px) 100vw, 253px\" \/><br>&nbsp;<\/p>\r\n<h3>Vroni Drescher<\/h3>\r\n<p>2009 absolvierte Vroni die Ausbildung zur Tanz- und Gymnastiklehrerin an der Bode Schule in M\u00fcnchen. Nach ihrer Ausbildung zog es sie ins Ausland und so nahm sie ein zweij\u00e4hriges Engagement als Choreographin und T\u00e4nzerin des renommierten Show-Ensembles des Robinson Clubs an. Danach vertiefte Vroni Ihre Kenntnisse im professionellen k\u00fcnstlerischen Tanz und in P\u00e4dagogik und schloss im Jahr 2014 ihre Ausbildung zur B\u00fchnent\u00e4nzerin und Tanzp\u00e4dagogin am Ballettf\u00f6rderzentrum N\u00fcrnberg erfolgreich ab. Die Schwerpunkte ihrer Ausbildung lagen dabei in Jazz, Hip Hop, House, Locking, Popping, Breaking, Dancehall, Modern, klassischem Ballett und Folklore. Nach ihrer zweiten Ausbildung arbeitete die vielseitige Vroni als P\u00e4dagogin in Freiburg bei der DanceEmotion Academy. Dort unterrichtete sie Sch\u00fcler des ersten Ausbildungsjahres. Au\u00dferdem begann die talentierte Vroni als T\u00e4nzerin bei der Company Juvenile Maze und ist seither mit dem erfolgreichen Ensemble auf nationalen und internationalen B\u00fchnen unterwegs.<\/p>\r\n<p>Am Tanz|Raum unterrichtet sie Contemporary, Jazz und HipHop.<\/p>\r\n<p><img decoding=\"async\" class=\"alignnone size-medium wp-image-1405\" src=\"http:\/\/www.tanzraum-ries.de\/wp-content\/uploads\/2024\/11\/Drescher-Vroni-WEB-1-253x300.png\" alt=\"\" width=\"253\" height=\"300\" srcset=\"https:\/\/www.tanzraum-ries.de\/legacy\/wp-content\/uploads\/sites\/1\/2024\/11\/Drescher-Vroni-WEB-1-253x300.png 253w, https:\/\/www.tanzraum-ries.de\/legacy\/wp-content\/uploads\/sites\/1\/2024\/11\/Drescher-Vroni-WEB-1.png 380w\" sizes=\"(max-width: 253px) 100vw, 253px\" \/> <img loading=\"lazy\" decoding=\"async\" class=\"alignnone size-medium wp-image-1407\" src=\"http:\/\/www.tanzraum-ries.de\/wp-content\/uploads\/2024\/11\/Drescher-Vroni-WEB-3-253x300.png\" alt=\"\" width=\"253\" height=\"300\" srcset=\"https:\/\/www.tanzraum-ries.de\/legacy\/wp-content\/uploads\/sites\/1\/2024\/11\/Drescher-Vroni-WEB-3-253x300.png 253w, https:\/\/www.tanzraum-ries.de\/legacy\/wp-content\/uploads\/sites\/1\/2024\/11\/Drescher-Vroni-WEB-3.png 380w\" sizes=\"(max-width: 253px) 100vw, 253px\" \/><\/p>\r\n<p>&nbsp;<\/p>\r\n\r\n<h3 class=\"wp-block-heading\">Andrea-Konstanze Dieterle<\/h3>\r\n\r\n\r\n\r\n\r\n\r\n<p class=\"wp-block-paragraph\">Tanzen, Singen, Schauspiel ist Ihre gro\u00dfe Leidenschaft, weshalb sich der berufliche Werdegang von Andrea schon in Kindheitsjahren in Richtung B\u00fchne entwickelte und Sie sich daher f\u00fcr eine Ausbildung zur Musicaldarstellerin entschied. Seit Ihrem Abschluss an der Freiburger Musical- und Schauspielschule im Jahr 2007 war Andrea als Musicaldarstellerin am Gloria-Theater in Bad S\u00e4ckingen engagiert und stand bis Mitte Februar 2019 bereits bei allen Produktionen auf der B\u00fchne. So konnte Sie ihre Leidenschaft zum Beruf machen und ist unter anderem auch bei diversen Auftritten mit der Showtanzgruppe Provocation in Deutschland und der Schweiz unterwegs.<br>Durch Ihre langj\u00e4hrige B\u00fchnen- und Tanzerfahrung kann Sie in ihrem Unterricht beim Kreativen Kindertanz und Jazz und Musical Dance ihr ganzes Wissen und Ihre Leidenschaft an die Sch\u00fcler \u00fcbermitteln und sorgt daf\u00fcr, dass der Funke schon bei den Kleinsten f\u00fcr den Tanz und die B\u00fchne entfacht wird. Die k\u00fcnstlerische und spielerische Gestaltung und das Vereinen von Ausdruck und Gesang ist in ihrem Unterricht gro\u00dfgeschrieben.<\/p>\r\n\r\n\r\n\r\n<p class=\"wp-block-paragraph\">Seit 2018 unterrichtete Andrea an der Young Stage Academy in Laufenburg als freiberufliche Tanzlehrerin, womit ein langersehnter Traum f\u00fcr Sie in Erf\u00fcllung ging, n\u00e4mlich Ihr K\u00f6nnen, Wissen und die Begeisterung dieser Leidenschaft an andere weiter zu geben.<\/p>\r\n\r\n\r\n\r\n<p class=\"wp-block-paragraph\">Am Tanz|Raum unterrichtet sie nun Kreativen Kindertanz, Jazz Dance, Musical Jazz Dance, Jazz\/Ballett, Contemporary und Lyrical Dance f\u00fcr Erwachsene.<\/p>\r\n<p><img loading=\"lazy\" decoding=\"async\" class=\"alignnone size-medium wp-image-1403\" src=\"http:\/\/www.tanzraum-ries.de\/wp-content\/uploads\/2024\/11\/Dieterle-Andrea-WEB-1-253x300.png\" alt=\"\" width=\"253\" height=\"300\" srcset=\"https:\/\/www.tanzraum-ries.de\/legacy\/wp-content\/uploads\/sites\/1\/2024\/11\/Dieterle-Andrea-WEB-1-253x300.png 253w, https:\/\/www.tanzraum-ries.de\/legacy\/wp-content\/uploads\/sites\/1\/2024\/11\/Dieterle-Andrea-WEB-1.png 380w\" sizes=\"(max-width: 253px) 100vw, 253px\" \/> <img loading=\"lazy\" decoding=\"async\" class=\"alignnone size-medium wp-image-1404\" src=\"http:\/\/www.tanzraum-ries.de\/wp-content\/uploads\/2024\/11\/Dieterle-Andrea-WEB-2-253x300.png\" alt=\"\" width=\"253\" height=\"300\" srcset=\"https:\/\/www.tanzraum-ries.de\/legacy\/wp-content\/uploads\/sites\/1\/2024\/11\/Dieterle-Andrea-WEB-2-253x300.png 253w, https:\/\/www.tanzraum-ries.de\/legacy\/wp-content\/uploads\/sites\/1\/2024\/11\/Dieterle-Andrea-WEB-2.png 380w\" sizes=\"(max-width: 253px) 100vw, 253px\" \/><\/p>\r\n\r\n\r\n\r\n<p class=\"wp-block-paragraph\">&nbsp;<\/p>\r\n\r\n\r\n\r\n\r\n\r\n\r\n\r\n\r\n\r\n\r\n\r\n\r\n\r\n\r\n\r\n\r\n\r\n<h3 class=\"wp-block-heading\">Janet Sartore<\/h3>\r\n\r\n\r\n\r\n\r\n\r\n<p class=\"wp-block-paragraph\">Profit\u00e4nzerin<br>Ballettausbildung in Winnipeg<br>1993 bis 2007 Royal Winnipeg Ballett<br>2007 bis 2016 Theater Augsburg<br>Seit 2016 Unterricht in klassischem Ballett, zeitgen\u00f6ssischem Tanz, Ballett-Workout in diversen Ballettstudios und Akademien<\/p>\r\n<p><img loading=\"lazy\" decoding=\"async\" class=\"alignnone size-medium wp-image-1410\" src=\"http:\/\/www.tanzraum-ries.de\/wp-content\/uploads\/2024\/11\/Sartore-Janet-WEB-1-253x300.png\" alt=\"\" width=\"253\" height=\"300\" srcset=\"https:\/\/www.tanzraum-ries.de\/legacy\/wp-content\/uploads\/sites\/1\/2024\/11\/Sartore-Janet-WEB-1-253x300.png 253w, https:\/\/www.tanzraum-ries.de\/legacy\/wp-content\/uploads\/sites\/1\/2024\/11\/Sartore-Janet-WEB-1.png 380w\" sizes=\"(max-width: 253px) 100vw, 253px\" \/> <img loading=\"lazy\" decoding=\"async\" class=\"alignnone size-medium wp-image-1462\" src=\"http:\/\/www.tanzraum-ries.de\/wp-content\/uploads\/2024\/11\/Sartore-Janet-WEB-2-253x300.png\" alt=\"\" width=\"253\" height=\"300\" srcset=\"https:\/\/www.tanzraum-ries.de\/legacy\/wp-content\/uploads\/sites\/1\/2024\/11\/Sartore-Janet-WEB-2-253x300.png 253w, https:\/\/www.tanzraum-ries.de\/legacy\/wp-content\/uploads\/sites\/1\/2024\/11\/Sartore-Janet-WEB-2.png 380w\" sizes=\"(max-width: 253px) 100vw, 253px\" \/><\/p>\r\n<p>&nbsp;<\/p>\r\n<h3>Juliane Ott<\/h3>\r\n<p>ist freiberufliche T\u00e4nzerin und Tanzp\u00e4dagogin. Im Juli 2024 absolvierte sie ihre dreij\u00e4hrige Ausbildung zur B\u00fchnent\u00e4nzerin und Tanzp\u00e4dagogin am Mind and Dance (M.A.D.) in N\u00fcrnberg, neben dem klassischen Ballett praktizierte sie dort unter anderem Modern, Zeitgen\u00f6ssisch, Jazz und Improvisation. Neben der T\u00e4tigkeit als Tanzp\u00e4dagogin wirkte sie als T\u00e4nzerin bereits in Projekten unter anderem von Eva Borrmann (PLAN MEE), Sebastian Eilers, Daura Hern\u00e1ndez Grac\u00eda und dem&nbsp;Spiel.Werk mit.<\/p>\r\n<p>&nbsp;&nbsp;<img loading=\"lazy\" decoding=\"async\" class=\"alignnone size-medium wp-image-1408\" src=\"http:\/\/www.tanzraum-ries.de\/wp-content\/uploads\/2024\/11\/Ott-Juliane-WEB-1-253x300.png\" alt=\"\" width=\"253\" height=\"300\" srcset=\"https:\/\/www.tanzraum-ries.de\/legacy\/wp-content\/uploads\/sites\/1\/2024\/11\/Ott-Juliane-WEB-1-253x300.png 253w, https:\/\/www.tanzraum-ries.de\/legacy\/wp-content\/uploads\/sites\/1\/2024\/11\/Ott-Juliane-WEB-1.png 380w\" sizes=\"(max-width: 253px) 100vw, 253px\" \/> <img loading=\"lazy\" decoding=\"async\" class=\"alignnone size-medium wp-image-1409\" src=\"http:\/\/www.tanzraum-ries.de\/wp-content\/uploads\/2024\/11\/Ott-Juliane-WEB-2-253x300.png\" alt=\"\" width=\"253\" height=\"300\" srcset=\"https:\/\/www.tanzraum-ries.de\/legacy\/wp-content\/uploads\/sites\/1\/2024\/11\/Ott-Juliane-WEB-2-253x300.png 253w, https:\/\/www.tanzraum-ries.de\/legacy\/wp-content\/uploads\/sites\/1\/2024\/11\/Ott-Juliane-WEB-2.png 380w\" sizes=\"(max-width: 253px) 100vw, 253px\" \/><\/p>\r\n<p>&nbsp;<\/p>\r\n<h3>Jessica Trenner<\/h3>\r\n<p>ist freiberufliche T\u00e4nzerin und Tanzp\u00e4dagogin. Im Juli 2024 absolvierte sie ihre dreij\u00e4hrige Ausbildung zur B\u00fchnent\u00e4nzerin und Tanzp\u00e4dagogin am Mind and Dance (M.A.D.) in N\u00fcrnberg, neben dem klassischen Ballett praktizierte sie dort unter anderem Modern, Zeitgen\u00f6ssisch, Jazz und Improvisation. Neben der T\u00e4tigkeit als Tanzp\u00e4dagogin wirkte sie als T\u00e4nzerin bereits in Projekten unter anderem von Eva Borrmann (PLAN MEE), Sebastian Eilers, Daura Hern\u00e1ndez Grac\u00eda und dem&nbsp;Spiel.Werk mit.<\/p>\r\n<p><img loading=\"lazy\" decoding=\"async\" class=\"alignnone size-medium wp-image-1412\" src=\"http:\/\/www.tanzraum-ries.de\/wp-content\/uploads\/2024\/11\/Trenner-Jessica-WEB-2-253x300.png\" alt=\"\" width=\"253\" height=\"300\" srcset=\"https:\/\/www.tanzraum-ries.de\/legacy\/wp-content\/uploads\/sites\/1\/2024\/11\/Trenner-Jessica-WEB-2-253x300.png 253w, https:\/\/www.tanzraum-ries.de\/legacy\/wp-content\/uploads\/sites\/1\/2024\/11\/Trenner-Jessica-WEB-2.png 380w\" sizes=\"(max-width: 253px) 100vw, 253px\" \/> <img loading=\"lazy\" decoding=\"async\" class=\"alignnone size-medium wp-image-1411\" src=\"http:\/\/www.tanzraum-ries.de\/wp-content\/uploads\/2024\/11\/Trenner-Jessica-WEB-1-253x300.png\" alt=\"\" width=\"253\" height=\"300\" srcset=\"https:\/\/www.tanzraum-ries.de\/legacy\/wp-content\/uploads\/sites\/1\/2024\/11\/Trenner-Jessica-WEB-1-253x300.png 253w, https:\/\/www.tanzraum-ries.de\/legacy\/wp-content\/uploads\/sites\/1\/2024\/11\/Trenner-Jessica-WEB-1.png 380w\" sizes=\"(max-width: 253px) 100vw, 253px\" \/>&nbsp;&nbsp;<\/p>\r\n","protected":false},"excerpt":{"rendered":"<p>Barbara J. Lins ist T\u00e4nzerin, diplomierte Tanzp\u00e4dagogin und Choreografin.Sie erhielt ihre t\u00e4nzerische Ausbildung in Biel\/CH und absolvierte ihr tanzp\u00e4dagogisches Studium 1998\u20132003 an der Akademie Remscheid (jetzt Akademie der kulturellen Bildung) unter Dr. Ronit Land, das sie mit dem Diplom abschloss.<\/p>\n","protected":false},"author":1,"featured_media":0,"parent":0,"menu_order":0,"comment_status":"closed","ping_status":"closed","template":"","meta":{"_crdt_document":"","_uag_custom_page_level_css":"","ngg_post_thumbnail":0,"footnotes":""},"class_list":["post-45","page","type-page","status-publish","hentry"],"uagb_featured_image_src":{"full":false,"thumbnail":false,"medium":false,"medium_large":false,"large":false,"1536x1536":false,"2048x2048":false,"featured-blog-large":false,"featured-blog-medium":false,"featured":false,"featured-blog-medium-small":false},"uagb_author_info":{"display_name":"admin1","author_link":"https:\/\/www.tanzraum-ries.de\/legacy\/blog\/author\/admin1\/"},"uagb_comment_info":0,"uagb_excerpt":"Barbara J. Lins ist T\u00e4nzerin, diplomierte Tanzp\u00e4dagogin und Choreografin.Sie erhielt ihre t\u00e4nzerische Ausbildung in Biel\/CH und absolvierte ihr tanzp\u00e4dagogisches Studium 1998\u20132003 an der Akademie Remscheid (jetzt Akademie der kulturellen Bildung) unter Dr. Ronit Land, das sie mit dem Diplom abschloss.","_links":{"self":[{"href":"https:\/\/www.tanzraum-ries.de\/legacy\/wp-json\/wp\/v2\/pages\/45","targetHints":{"allow":["GET"]}}],"collection":[{"href":"https:\/\/www.tanzraum-ries.de\/legacy\/wp-json\/wp\/v2\/pages"}],"about":[{"href":"https:\/\/www.tanzraum-ries.de\/legacy\/wp-json\/wp\/v2\/types\/page"}],"author":[{"embeddable":true,"href":"https:\/\/www.tanzraum-ries.de\/legacy\/wp-json\/wp\/v2\/users\/1"}],"replies":[{"embeddable":true,"href":"https:\/\/www.tanzraum-ries.de\/legacy\/wp-json\/wp\/v2\/comments?post=45"}],"version-history":[{"count":41,"href":"https:\/\/www.tanzraum-ries.de\/legacy\/wp-json\/wp\/v2\/pages\/45\/revisions"}],"predecessor-version":[{"id":1463,"href":"https:\/\/www.tanzraum-ries.de\/legacy\/wp-json\/wp\/v2\/pages\/45\/revisions\/1463"}],"wp:attachment":[{"href":"https:\/\/www.tanzraum-ries.de\/legacy\/wp-json\/wp\/v2\/media?parent=45"}],"curies":[{"name":"wp","href":"https:\/\/api.w.org\/{rel}","templated":true}]}}